{"id":64,"date":"2020-12-16T11:44:02","date_gmt":"2020-12-16T10:44:02","guid":{"rendered":"https:\/\/jahn-museum.de\/?page_id=64"},"modified":"2026-04-24T10:56:40","modified_gmt":"2026-04-24T08:56:40","slug":"startseite","status":"publish","type":"page","link":"https:\/\/jahn-museum.de\/en\/","title":{"rendered":"Home page"},"content":{"rendered":"\r\n<p>&nbsp;<\/p>\r\n<ul>\r\n<li><img decoding=\"async\" src=\"https:\/\/jahn-museum.de\/wp-content\/uploads\/2020\/12\/image.jpg\" alt=\"\" \/>\r\n<h1>Jahn MuseumJahn-Museum<\/h1>\r\n<\/li>\r\n<\/ul>\r\n<p><a href=\"#mehr\">Entdecken<br \/><img decoding=\"async\" src=\"\/wp-content\/uploads\/2020\/12\/download.svg\" \/><\/a><\/p>\r\n<figure><a href=\"\/staendige-ausstellung\/\" target=\"_self\"> <img loading=\"lazy\" decoding=\"async\" title=\"Ehrenhalle_1075x651\" src=\"https:\/\/jahn-museum.de\/wp-content\/uploads\/2025\/12\/Ehrenhalle_1075x651.jpg\" alt=\"Ehrenhalle_1075x651\" width=\"1075\" height=\"651\" \/> <\/a><\/figure>\r\n<p>Museum<\/p>\r\n<figure><a href=\"\/ueber-uns\/%20\" target=\"_self\"> <img loading=\"lazy\" decoding=\"async\" title=\"img-jahn-gesellschaft@2x\" src=\"https:\/\/jahn-museum.de\/wp-content\/uploads\/2020\/12\/img-jahn-gesellschaft@2x.jpg\" alt=\"img-jahn-gesellschaft@2x\" width=\"1075\" height=\"651\" \/> <\/a><\/figure>\r\n<p>Jahn-Gesellschaft<\/p>\r\n<figure><a href=\"\/wissenschaftliche-aufsaetze\/\" target=\"_self\"> <img loading=\"lazy\" decoding=\"async\" title=\"img-publikationen@2x\" src=\"https:\/\/jahn-museum.de\/wp-content\/uploads\/2020\/12\/img-publikationen@2x.jpg\" alt=\"img-publikationen@2x\" width=\"1075\" height=\"651\" \/> <\/a><\/figure>\r\n<p>Publikationen<\/p>\r\n<p>Willkommen<\/p>\r\n<p>Herzlich Willkommen im Friedrich-Ludwig-Jahn-Museum!<\/p>\r\n<p>Das Museum im ehemaligen Wohnhaus des Begr\u00fcnders der deutschen Turnbewegung, des \u201eTurnvater&#8220; Friedrich Ludwig Jahn, geh\u00f6rt zu den Freyburger Jahn-Gedenkst\u00e4tten.<\/p>\r\n<p>Nach dem Tode Jahns schuf die Deutsche Turnerschaft (DT) dieses\u00a0 weltweit einmalige historische Ensemble im Herzen der Stadt Freyburg, in der das Turnen und die Turngeschichte bis heute zuhause sind.<\/p>\r\n<p>Tr\u00e4ger des Jahn-Museums ist seit 1992 die Friedrich-Ludwig-Jahn-Gesellschaft e. V. &#8211; ein bundesweit wirkender, gemeinn\u00fctziger Verein, der sich zum Ziel gesetzt hat, das Leben und Wirken des Gr\u00fcnders der Turnbewegung in Deutschland und seines Umfeldes zu erforschen sowie \u00fcber seine Bedeutung f\u00fcr die Geschichte und Gegenwart aufzukl\u00e4ren.<\/p>\r\n<p>&nbsp;<\/p>\r\n<h2>Jahn-MuseumJahn-Museum<\/h2>\r\n<h3><strong>Besucherinformation Sanierung 2026 bis 2028:<\/strong><\/h3>\r\n<p>Ab April 2026 bis Ende 2028 wird das Jahn-Museum im ehemaligen Wohnhaus des Turnvaters f\u00fcr eine Generalsanierung geschlossen.<\/p>\r\n<p>Ab 07.01.2026 bis voraussichtl. 28.03.2026 ist das Museum nur noch auf Anfrage und f\u00fcr F\u00fchrungen ge\u00f6ffnet (Mo-Sa). Sprechen Sie uns gerne an (Kontakt siehe rechte Spalte).<\/p>\r\n<p>Bis Sommer 2026 wird in der Jahn-Ehrenhalle in Freyburgs Innenstadt (Sch\u00fctzenstra\u00dfe 17) eine Interimsausstellung eingerichtet. W\u00e4hrend der Zeit der Sanierung am Wohnhaus bieten wir dort ein volles Ausstellungsprogramm einschlie\u00dflich museumspr\u00e4dagogischem Angebot. Genaue Infos geben wir rechtzeitig bekannt.<\/p>\r\n<p><a role=\"button\" href=\"\/oeffnungszeiten-und-anfahrt\/\" target=\"_self\"> mehr erfahren <\/a><\/p>\r\n<p>Anfahrt<\/p>\r\n<p>Schlo\u00dfstra\u00dfe 11 06632 Freyburg (Unstrut)<\/p>\r\n<p><a href=\"\/oeffnungszeiten-und-anfahrt#oeffnungszeiten-und-anfahrt-map\">auf der Karte ansehen<\/a><\/p>\r\n<p>\u00d6ffnungszeiten<\/p>\r\n<p><strong>Wegen Umzugs- und Sanierungsvorbereitungen:<\/strong><\/p>\r\n<p>bis M\u00e4rz 2026 sind F\u00fchrungen und Besuche nur noch auf Anfrage m\u00f6glich. Kontaktieren Sie uns gerne.<\/p>\r\n<p>Ab Sommer 2026 bieten wir in einer Interimsausstellung in der Jahn-Ehrenhalle das volle Ausstellungsangebot einschlie\u00dflich museumsp\u00e4dagogischem Programm an.<\/p>\r\n<p>Kontakt<\/p>\r\n<p><strong>Museumsleitung &amp; Gesch\u00e4ftsf\u00fchrung<\/strong><\/p>\r\n<p>Dr. Norma Henkel<br \/><a href=\"buero@jahn-museum.de\">n.henkel@jahn-museum.de<\/a><br \/>+49 34464 27426<\/p>\r\n<p><strong>Pr\u00e4sident<\/strong><\/p>\r\n<p>&nbsp;<\/p>\r\n<p>Dr. Josef Ulfkotte<br \/><a href=\"mailto:j.ulfkotte@t-online.de\">kontakt@josef-ulfkotte.de<\/a><\/p>\r\n<h2>Gedenkst\u00e4ttenGedenkst\u00e4tten<\/h2>\r\n<p>Die Jahn-Gedenkst\u00e4tten sind ein Ensemble,\u00a0 bestehend aus authentischen Wohn- und Wirkungsst\u00e4tten und Geb\u00e4uden, die Ausdruck der vielgestaltigen Jahn-Rezeption sind.<\/p>\r\n<p>Neben dem Wohnhaus, welches Jahn 1838-1840 am Fu\u00df der Neuenburg erbaute, geh\u00f6ren hierzu die 1894 erbaute Erinnerungsturnhalle, die 1903 erbaute Ehrenhalle und der 1936 angelegte Ehrenhof.<\/p>\r\n<p><a href=\"\/freyburg-wohnhaus\/\">Freyburg &#8211; Wohnhaus<\/a> <a href=\"\/freyburg-turnhalle\/\">Freyburg &#8211; Turnhalle<\/a> <a href=\"\/friedrich-ludwig-jahn-ehrenhalle\/\">Freyburg &#8211; Ehrenhalle<\/a> <img decoding=\"async\" title=\"image-jahn-turnfest-2@2x\" src=\"https:\/\/jahn-museum.de\/wp-content\/uploads\/2020\/12\/image-jahn-turnfest-2@2x-scaled.jpg\" alt=\"image-jahn-turnfest-2@2x\" \/> <img decoding=\"async\" src=\"https:\/\/i.ytimg.com\/vi\/mkA5untSe-A\/maxresdefault.jpg\" \/> <img decoding=\"async\" src=\"https:\/\/jahn-museum.de\/wp-content\/uploads\/2020\/12\/play-button.svg\" \/><\/p>\r\n<h2>Jahn-TurnfestJahn-Turnfest<\/h2>\r\n<p>Frisch, Fromm, Fr\u00f6hlich, Freyburg!<\/p>\r\n<p>Seit 1901 finden in Freyburg nahe dem 11. August, dem Geburtstag Friedrich Ludwig Jahns, turnerische Wettk\u00e4mpfe statt. Zun\u00e4chst war es ein leichtathletischer F\u00fcnfkampf f\u00fcr Turner, inzwischen ist es ein Turnfest f\u00fcr alle Altersgruppen, bei dem im Freien an Ger\u00e4ten geturnt wird. Das macht seinen Reiz und seine besondere Atmosph\u00e4re aus.<\/p>\r\n<p>Mit mehr als tausend aktiven Turnern und Turnerinnen ist das Jahn-Turnfest eines der gr\u00f6\u00dften und \u00e4ltesten Freiluftturnfeste.<\/p>\r\n<p><a role=\"button\" href=\"\/jahn-turnfest\/\" target=\"_self\"> mehr erfahren <\/a><\/p>\r\n<figure><img loading=\"lazy\" decoding=\"async\" title=\"gedenkstatten-img-01\" src=\"https:\/\/jahn-museum.de\/wp-content\/uploads\/2020\/12\/gedenkstatten-img-01.jpg\" alt=\"Freyburg -  Wohnhaus &lt;a href=&quot;\/freyburg-wohnhaus&quot;&gt;Mehr Erfahren&lt;\/a&gt;\" width=\"647\" height=\"651\" \/>\r\n<figcaption>Freyburg &#8211; Wohnhaus <a href=\"\/freyburg-wohnhaus\">Mehr Erfahren<\/a><\/figcaption>\r\n<\/figure>\r\n<figure><img loading=\"lazy\" decoding=\"async\" title=\"gedenkstatten-img-02\" src=\"https:\/\/jahn-museum.de\/wp-content\/uploads\/2020\/12\/gedenkstatten-img-02.jpg\" alt=\"Freyburg -  Turnhalle &lt;a href=&quot;\/freyburg-turnhalle\/&quot;&gt;Mehr Erfahren&lt;\/a&gt;\" width=\"324\" height=\"323\" \/>\r\n<figcaption>Freyburg &#8211; Turnhalle <a href=\"\/freyburg-turnhalle\/\">Mehr Erfahren<\/a><\/figcaption>\r\n<\/figure>\r\n<figure><img loading=\"lazy\" decoding=\"async\" title=\"gedenkstatten-img-03\" src=\"https:\/\/jahn-museum.de\/wp-content\/uploads\/2020\/12\/gedenkstatten-img-03.jpg\" alt=\"Freyburg -  Ehrenhalle &lt;a href=&quot;\/friedrich-ludwig-jahn-ehrenhalle\/&quot;&gt;Mehr Erfahren&lt;\/a&gt;\" width=\"324\" height=\"323\" \/>\r\n<figcaption>Freyburg &#8211; Ehrenhalle <a href=\"\/friedrich-ludwig-jahn-ehrenhalle\/\">Mehr Erfahren<\/a><\/figcaption>\r\n<\/figure>\r\n<figure><img loading=\"lazy\" decoding=\"async\" title=\"gedenkstatten-img-05\" src=\"https:\/\/jahn-museum.de\/wp-content\/uploads\/2020\/12\/gedenkstatten-img-05.jpg\" alt=\"Freyburg -  Ehrenhalle &lt;a href=&quot;\/friedrich-ludwig-jahn-ehrenhalle\/&quot;&gt;Mehr Erfahren&lt;\/a&gt;\" width=\"358\" height=\"651\" \/>\r\n<figcaption>Freyburg &#8211; Ehrenhalle <a href=\"\/friedrich-ludwig-jahn-ehrenhalle\/\">Mehr Erfahren<\/a><\/figcaption>\r\n<\/figure>\r\n<figure><img loading=\"lazy\" decoding=\"async\" src=\"https:\/\/jahn-museum.de\/wp-content\/uploads\/2020\/12\/gedenkstatten-img-04.jpg\" alt=\"Freyburg -  Wohnhaus &lt;a href=&quot;\/freyburg-wohnhaus&quot;&gt;Mehr Erfahren&lt;\/a&gt;\" width=\"324\" height=\"323\" \/>\r\n<figcaption>Freyburg &#8211; Wohnhaus <a href=\"\/freyburg-wohnhaus\">Mehr Erfahren<\/a><\/figcaption>\r\n<\/figure>\r\n<figure><img loading=\"lazy\" decoding=\"async\" title=\"gedenkstatten-img-06\" src=\"https:\/\/jahn-museum.de\/wp-content\/uploads\/2020\/12\/gedenkstatten-img-06.jpg\" alt=\"Freyburg -  Turnhalle &lt;a href=&quot;\/freyburg-turnhalle\/&quot;&gt;Mehr Erfahren&lt;\/a&gt;\" width=\"324\" height=\"323\" \/>\r\n<figcaption>Freyburg &#8211; Turnhalle <a href=\"\/freyburg-turnhalle\/\">Mehr Erfahren<\/a><\/figcaption>\r\n<\/figure>\r\n<h2>MuseumEntdecken Sie<\/h2>\r\n<p>das Museum<\/p>\r\n<p>Das Friedrich-Ludwig-Jahn-Museum ist bundesweit das einzige Museum, welches dem Leben und Wirken Jahns und seines Umfeldes, sowie mit der zugeh\u00f6rigen Rezeptionsgeschichte und der Geschichte und Entwicklung des Turnens gewidmet ist.<\/p>\r\n<p>Neben der st\u00e4ndigen Ausstellung und regelm\u00e4\u00dfigen Sonderausstellungen h\u00e4lt das Museum eine Bibliothek mit rund 4000 Titeln zur Sport- und Turnhistorie f\u00fcr Interessierte zug\u00e4nglich, organisiert kulturelle und wissenschaftliche Veranstaltungen und h\u00e4lt museumsp\u00e4dagogische Angebote vor.<\/p>\r\n<p><a role=\"button\" href=\"\/staendige-ausstellung\/\" target=\"_self\"> mehr erfahren <\/a> <img decoding=\"async\" title=\"image-museum@2x\" src=\"https:\/\/jahn-museum.de\/wp-content\/uploads\/2020\/12\/image-museum@2x.jpg\" alt=\"image-museum@2x\" \/><\/p>\r\n<p>Museumsshop<\/p>\r\n<p>Entdecken Sie unseren Museumsshop mit einem ausgew\u00e4hlten Sortiment an Produkten!<\/p>\r\n<p>Hier k\u00f6nnen Sie Eintrittstickets und Produkte aus unseren Shop rund um die Uhr und bequem von zuhause aus bestellen.<\/p>\r\n<p>&nbsp;<\/p>\r\n<p>&nbsp;<\/p>\r\n<p>&nbsp;<\/p>\r\n<p><a role=\"button\" href=\"\/museumsshop\/\" target=\"_self\"> mehr erfahren <\/a><\/p>\r\n<h2>ServicesMuseums-Services<\/h2>\r\n<p><img decoding=\"async\" title=\"painting\" src=\"https:\/\/jahn-museum.de\/wp-content\/uploads\/2020\/12\/painting.svg\" alt=\"painting\" \/><\/p>\r\n<h3><a href=\"\/staendige-ausstellung\/\">Dauerausstellung<\/a><\/h3>\r\n<p>Friedrich Ludwig Jahn: Leben und Wirken<\/p>\r\n<p>Die Dauerausstellung im Erdgeschoss des Wohnhauses vermittelt einen umfassenden Einblick in das Leben und Wirken des \u201eTurnvater&#8220; Friedrich Ludwig Jahn. [&#8230;]<\/p>\r\n<p><img decoding=\"async\" title=\"museum\" src=\"https:\/\/jahn-museum.de\/wp-content\/uploads\/2020\/12\/museum.svg\" alt=\"museum\" \/><\/p>\r\n<h3><a href=\"\/sonderausstellungen\/\">Sonderausstellung<\/a><\/h3>\r\n<p>In unregelm\u00e4\u00dfigen Abst\u00e4nden zeigen wir Sonderaustellungen zu sport- und turnhistorischen Themen.<\/p>\r\n<p>Auf Grund der Vorbereitungen zur Sanierung gibt es derzeit keine Sonderausstellungen.<\/p>\r\n<p><img decoding=\"async\" title=\"open-book\" src=\"https:\/\/jahn-museum.de\/wp-content\/uploads\/2020\/12\/open-book.svg\" alt=\"open-book\" \/><\/p>\r\n<h3><a href=\"mailto:dokumentation@jahn-museum.de?subject=Bibliothek\">Bibliothek<\/a><\/h3>\r\n<p>Die rund 6000 Titel der Museumsbibliothek zur Turn- und Sportgeschichte stehen f\u00fcr Forschende, Studierende, Sch\u00fcler und historisch Interessierte als Pr\u00e4senzbestand zur Verf\u00fcgung. \u00a0<\/p>\r\n<p>Auf Anfrage fertigen wir Scans und Kopien an. Nutzen Sie f\u00fcr Ihre Anfrage bitte das Kontaktformular. Bitte beachten Sie, dass wir f\u00fcr die Bearbeitung von Anfragen bis zu 3 Wochen ben\u00f6tigen.<\/p>\r\n<p><strong>Kontakt: Dr. Ursula Altenburg<\/strong>\u00a0 \u00a0 \u00a0 \u00a0 \u00a0 \u00a0 \u00a0 \u00a0 \u00a0 \u00a0 \u00a0 \u00a0 \u00a0 \u00a0 \u00a0 \u00a0 \u00a0 \u00a0 \u00a0 \u00a0 <strong>info@jahn-museum.de<\/strong><\/p>\r\n<p><img decoding=\"async\" title=\"walkie-talkie\" src=\"https:\/\/jahn-museum.de\/wp-content\/uploads\/2020\/12\/walkie-talkie.svg\" alt=\"walkie-talkie\" \/><\/p>\r\n<h3><a href=\"\/fuehrungen-und-preise\/\">F\u00fchrungen und Preise<\/a><\/h3>\r\n<p>Hier finden Sie alle <a href=\"https:\/\/jahn-museum.de\/fuehrungen-und-preise\/\">Informationen und Preise zu unseren Angeboten<\/a>. Gruppenf\u00fchrungen bitten wir vorher anzumelden. Sollten Sie weitere Informationen ben\u00f6tigen oder Fragen haben, wenden Sie sich gern an uns.<\/p>\r\n<p><strong>Kontakt: 034464 27426 oder per Mail info@jahn-museum.de<\/strong><\/p>\r\n<p><img decoding=\"async\" title=\"student\" src=\"https:\/\/jahn-museum.de\/wp-content\/uploads\/2020\/12\/student.svg\" alt=\"student\" \/><\/p>\r\n<h3><a href=\"\/angebote-fuer-schulklassen-und-kinder\/\">Angebote f\u00fcr Kinder<\/a><\/h3>\r\n<p>Auch f\u00fcr unsere kleinen Besucher gibt es bei uns viel Interessantes zu sehen. Bei kindgerechten F\u00fchrungen erfahren Kinder allerlei Wissenswertes aus dem Leben des &#8222;Turnvaters&#8220;. F\u00fcr Fragen und Absprachen wenden Sie sich gern an uns.<\/p>\r\n<p><strong>Kontakt: 034464 27426 oder per Mail info@jahn-museum.de<br \/><\/strong><\/p>\r\n<p><img decoding=\"async\" title=\"statue\" src=\"https:\/\/jahn-museum.de\/wp-content\/uploads\/2020\/12\/statue.svg\" alt=\"statue\" \/><\/p>\r\n<h3><a href=\"mailto:dokumentation@jahn-museum.de?subject=Sammlungen\">Sammlungen<\/a><\/h3>\r\n<p>Mit \u00fcber 15.000 Objekten, Archivalien, Fotos und B\u00fcchern beherbergt das Jahn-Museum die gr\u00f6\u00dfte sporthistorische Sammlung in Sachsen-Anhalt. Das Museum sammelt zum Leben und Wirken Jahns, zur Jahnrezeption\u00a0 und der Geschichte des Turnens, als Sport, sowie als politisches, nationales, soziales und erzieherisches Ph\u00e4nomen, sowie zu dessen Wandel vom Beginn des 19. Jahrhunderts bis in die Gegenwart.<\/p>\r\n<p>Anfragen zu unserer Sammlung oder Leihanfragen richten Sie gern an uns. Bitte beachten Sie, dass wir f\u00fcr die Bearbeitung von Anfragen bis zu 3 Wochen ben\u00f6tigen. Leihanfragen sind mindestens drei Monate vor Beginn der Leihe zu stellen.<\/p>\r\n<p><strong>Kontakt: Dr. Ursula Altenburg\u00a0 \u00a0 \u00a0 \u00a0 \u00a0 \u00a0 \u00a0 \u00a0 \u00a0 \u00a0 \u00a0 \u00a0 \u00a0 \u00a0 \u00a0 \u00a0 \u00a0 \u00a0 \u00a0<\/strong><strong>info@jahn-museum.de<\/strong><\/p>\r\n<p><img decoding=\"async\" title=\"writing\" src=\"https:\/\/jahn-museum.de\/wp-content\/uploads\/2020\/12\/writing.svg\" alt=\"writing\" \/><\/p>\r\n<h3><a href=\"\/presse\/\">Presse<\/a><\/h3>\r\n<p><a href=\"https:\/\/jahn-museum.de\/presse\/\">Hier finden sie umfassende Medieninformationen der Fr.-L.-Jahn-Gesellschaft und des Museums. <\/a><\/p>\r\n<p><strong>Kontakt: <\/strong><strong>info@jahn-museum.de<\/strong><\/p>\r\n<p><img decoding=\"async\" title=\"knowledge\" src=\"https:\/\/jahn-museum.de\/wp-content\/uploads\/2020\/12\/knowledge.svg\" alt=\"knowledge\" \/><\/p>\r\n<h3><a href=\"\/login\/\">Login f\u00fcr Sch\u00fcler<\/a><\/h3>\r\n<p>Unser Service f\u00fcr Sch\u00fcler, Studierende und Forschende. Im Login-Bereich stellen wir\u00a0 \u00a0 \u00a0 \u00a0 \u00a0Arbeits- ,Informations- und Forschungsmaterial zur Verf\u00fcgung.\u00a0<\/p>\r\n<p><strong>Kontakt: info@jahn-museum.de<\/strong><\/p>\r\n<h2>BiographieWer war Friedrich Ludwig Jahn?<\/h2>\r\n<p><img decoding=\"async\" title=\"friedrich-ludwig-jahn-image@2x\" src=\"https:\/\/jahn-museum.de\/wp-content\/uploads\/2020\/12\/friedrich-ludwig-jahn-image@2x.png\" alt=\"friedrich-ludwig-jahn-image@2x\" \/><\/p>\r\n<p>Friedrich Ludwig Jahn<\/p>\r\n<p>Johann Friedrich Ludwig Christoph Jahn, bekannt als\u00a0Turnvater Jahn\u00a0(*\u00a011. August 1778\u00a0in\u00a0Lanz (Prignitz); \u2020\u00a015. Oktober 1852\u00a0in\u00a0Freyburg (Unstrut)), war ein\u00a0deutscher P\u00e4dagoge, Publizist und Politiker.<\/p>\r\n<p>Er initiierte und etablierte das Turnen unter napoleonischer Besatzung. Die von ihm und seinen Mitstreitern realisierten Vorstellungen von der \u201edeutschen Turnkunst&#8220; in der Berliner Hasenheide,\u00a0 sind selbst im heutigen Turnbetrieb noch wiederzufinden, ebenso grundlegende von Jahn eingef\u00fchrte (erschaffende) Begriffe und Bezeichnungen, die Eingang in die wissenschaftliche Turn-Terminologie der Gegenwart gefunden haben. Damit hat Jahn die Grundlagen nicht nur f\u00fcr den Turnbetrieb, sondern zum gro\u00dfen Teil auch f\u00fcr den heutigen Sportbetrieb geschaffen. Zudem legte die Organisationsform auf der Hasenheide, mit Ihren zentralen Merkmalen \u201eFreiwilligkeit&#8220; und \u201eSelbstorganisation&#8220; den Grundstein f\u00fcr das heutige (deutsche) Vereinswesen.<\/p>\r\n<p>Da das Turnen als Wehrert\u00fcchtigung unter napoleonischer Besatzung etabliert wurde, reicht die historische Bedeutung Jahns \u00fcber die Begr\u00fcndung des Turnens hinaus. Er fungierte als Freiwilligenwerber und Kommandant des 2. Bataillons des L\u00fctzower Freikorps, war Mitbegr\u00fcnder des Deutschen Bundes und Abgeordneter des Paulskirchenparlaments.\u00a0 So etablierte Friedrich Ludwig Jahn die Turnbewegung nicht nur im Allgemeinen sondern auch als Nationalbewegung, d.h. als explizit politisches Ph\u00e4nomen, zwischen den Jahren 1811 und 1815.<\/p>\r\n<p>Biographie<\/p>\r\n<p>Am 11. August 1778 wird Friedrich Ludwig Jahn in Lanz (Priegnitz) als Sohn des Dorfpfarrers geboren. [&#8230;]<\/p>\r\n<p>Ausstellung<\/p>\r\n<p>Die Dauerausstellung im Erdgeschoss des Wohnhauses vermittelt einen umfassenden Einblick in das Leben und Wirken des \u201eTurnvater&#8220; Friedrich Ludwig Jahn, [&#8230;]<\/p>\r\n<p>Jahn-Gesellschaft<\/p>\r\n<p>Die Friedrich-Ludwig-Jahn-Gesellschaft ist ein gemeinn\u00fctziger Verein mit Sitz in Freyburg an der Unstrut. Sie widmet ihre T\u00e4tigkeit dem Ziel, das Leben und Wirken des Gr\u00fcnders der Turnbewegung in Deutschland und seines Umfeldes, sowie die mit ihm verbundene Rezeption und die Geschichte des Turnens zu erforschen und diese Erkenntnisse in das Blickfeld einer breiten \u00d6ffentlichkeit zu r\u00fccken. Zu diesem Zweck betreibt sie das Friedrich-Ludwig-Jahn-Museum in Freyburg an der Unstrut und unterh\u00e4lt Beziehungen zum Deutschen Turner-Bund (DTB), den Landesturnverb\u00e4nden, aber auch zu Hochschulen, Schulen, Museen und Organisationen, die sich diesem Anliegen verpflichtet f\u00fchlen.<\/p>\r\n<p><a role=\"button\" href=\"\/ueber-uns\/\" target=\"_self\"> mehr erfahren <\/a> <img decoding=\"async\" title=\"P1020496\" src=\"https:\/\/jahn-museum.de\/wp-content\/uploads\/2022\/12\/P1020496-scaled.jpg\" alt=\"P1020496\" \/><\/p>\r\n<h2>InformationenAktuelle Informationen<\/h2>\r\n<p>30.09.2025 | <a href=\"https:\/\/jahn-museum.de\/category\/jahn-gesellschaft\/\" rel=\"category tag\">Jahn-Gesellschaft<\/a>,\u00a0 <a href=\"https:\/\/jahn-museum.de\/category\/jahn-museum\/\" rel=\"category tag\">Jahn-Museum<\/a>,\u00a0 <a href=\"https:\/\/jahn-museum.de\/category\/veranstaltung\/\" rel=\"category tag\">Veranstaltung<\/a><\/p>\r\n<h3><a tabindex=\"0\" title=\"Bene\ufb01z-Museums\ufb02ohmarkt im Jahn-Museum\" href=\"https:\/\/jahn-museum.de\/bene%ef%ac%81z-museums%ef%ac%82ohmarkt-im-jahn-museum\/\">Bene\ufb01z-Museums\ufb02ohmarkt im Jahn-Museum<\/a><\/h3>\r\n<p>Am Reformationstag (Freitag, den 31.10.2025) veranstaltet das Jahn-Museum in Freyburg zwischen 10-16 Uhr einen Bene\ufb01z\ufb02ohmarkt. Im Museumsgarten k\u00f6nnen &#8230; <a href=\"https:\/\/jahn-museum.de\/bene%ef%ac%81z-museums%ef%ac%82ohmarkt-im-jahn-museum\/\" target=\"_blank\" rel=\"noopener\">mehr erfahren \u2192<\/a> 14.08.2025 | <a href=\"https:\/\/jahn-museum.de\/category\/jahn-gesellschaft\/\" rel=\"category tag\">Jahn-Gesellschaft<\/a>,\u00a0 <a href=\"https:\/\/jahn-museum.de\/category\/jahn-museum\/\" rel=\"category tag\">Jahn-Museum<\/a><\/p>\r\n<h3><a tabindex=\"0\" title=\"Privat: Stellenausschreibung Assistenz der Gesch\u00e4ftsf\u00fchrung (m\/w\/d)\" href=\"https:\/\/jahn-museum.de\/stellenausschreibung-assistenz-der-geschaeftsfuehrung-m-w-d\/\">Privat: Stellenausschreibung Assistenz der Gesch\u00e4ftsf\u00fchrung (m\/w\/d)<\/a><\/h3>\r\n<p>Wir suchen Verst\u00e4rkung im Museums-Team! Bei der Friedrich-Ludwig-Jahn-Gesellschaft e.V. ist am Arbeitsort Freyburg zum n\u00e4chstm\u00f6glichen Zeitpunkt eine Stelle &#8230; <a href=\"https:\/\/jahn-museum.de\/stellenausschreibung-assistenz-der-geschaeftsfuehrung-m-w-d\/\" target=\"_blank\" rel=\"noopener\">mehr erfahren \u2192<\/a> 02.05.2025 | <a href=\"https:\/\/jahn-museum.de\/category\/jahn-gesellschaft\/\" rel=\"category tag\">Jahn-Gesellschaft<\/a>,\u00a0 <a href=\"https:\/\/jahn-museum.de\/category\/jahn-museum\/\" rel=\"category tag\">Jahn-Museum<\/a>,\u00a0 <a href=\"https:\/\/jahn-museum.de\/category\/veranstaltung\/\" rel=\"category tag\">Veranstaltung<\/a><\/p>\r\n<h3><a tabindex=\"0\" title=\"Informationsveranstaltung zum Tag der St\u00e4dtebauf\u00f6rderung\" href=\"https:\/\/jahn-museum.de\/informationsveranstaltung-zum-tag-der-staedtebaufoerderung\/\">Informationsveranstaltung zum Tag der St\u00e4dtebauf\u00f6rderung<\/a><\/h3>\r\n<p>Am Samstag, den 10. Mai 2025 findet im Friedrich-Ludwig-Jahn-Museum Freyburg eine Informationsveranstaltung im Rahmen des bundesweit stattfindenden Tags &#8230; <a href=\"https:\/\/jahn-museum.de\/informationsveranstaltung-zum-tag-der-staedtebaufoerderung\/\" target=\"_blank\" rel=\"noopener\">mehr erfahren \u2192<\/a> <a role=\"button\" href=\"\/aktuelles\/\" target=\"_self\"> alle Informationen <img decoding=\"async\" src=\"https:\/\/jahn-museum.de\/wp-content\/uploads\/2020\/12\/right-arrow-1.svg\" \/> <\/a><\/p>\r\n<h2>Unsere UmgebungUnsere Umgebung<\/h2>\r\n<p>[destionation_google_maps]<\/p>\r\n<p><img decoding=\"async\" title=\"img-jahnturnfest-2019@2x\" src=\"https:\/\/jahn-museum.de\/wp-content\/uploads\/2020\/12\/img-jahnturnfest-2019@2x.jpg\" alt=\"img-jahnturnfest-2019@2x\" \/> <img decoding=\"async\" title=\"img-jahnturnfest-2019-104@2x\" src=\"https:\/\/jahn-museum.de\/wp-content\/uploads\/2020\/12\/img-jahnturnfest-2019-104@2x.jpg\" alt=\"img-jahnturnfest-2019-104@2x\" \/> <img decoding=\"async\" title=\"img-museum-indoor@2x\" src=\"https:\/\/jahn-museum.de\/wp-content\/uploads\/2020\/12\/img-museum-indoor@2x.jpg\" alt=\"img-museum-indoor@2x\" \/><\/p>\r\n","protected":false},"excerpt":{"rendered":"<p>&nbsp; Jahn MuseumJahn-Museum Entdecken Museum Jahn-Gesellschaft Publikationen Willkommen Herzlich Willkommen im Friedrich-Ludwig-Jahn-Museum! Das Museum im ehemaligen Wohnhaus des Begr\u00fcnders der deutschen Turnbewegung, des \u201eTurnvater&#8220; Friedrich Ludwig Jahn, geh\u00f6rt zu den Freyburger Jahn-Gedenkst\u00e4tten. Nach dem Tode Jahns schuf die Deutsche Turnerschaft (DT) dieses\u00a0 weltweit einmalige historische Ensemble im Herzen der Stadt Freyburg, in der das Turnen [&hellip;]<\/p>\n","protected":false},"author":1,"featured_media":0,"parent":0,"menu_order":0,"comment_status":"closed","ping_status":"closed","template":"","meta":{"inline_featured_image":false,"ocean_post_layout":"full-screen","ocean_both_sidebars_style":"","ocean_both_sidebars_content_width":0,"ocean_both_sidebars_sidebars_width":0,"ocean_sidebar":"0","ocean_second_sidebar":"0","ocean_disable_margins":"enable","ocean_add_body_class":"","ocean_shortcode_before_top_bar":"","ocean_shortcode_after_top_bar":"","ocean_shortcode_before_header":"","ocean_shortcode_after_header":"","ocean_has_shortcode":"","ocean_shortcode_after_title":"","ocean_shortcode_before_footer_widgets":"","ocean_shortcode_after_footer_widgets":"","ocean_shortcode_before_footer_bottom":"","ocean_shortcode_after_footer_bottom":"","ocean_display_top_bar":"default","ocean_display_header":"default","ocean_header_style":"","ocean_center_header_left_menu":"0","ocean_custom_header_template":"0","ocean_custom_logo":0,"ocean_custom_retina_logo":0,"ocean_custom_logo_max_width":0,"ocean_custom_logo_tablet_max_width":0,"ocean_custom_logo_mobile_max_width":0,"ocean_custom_logo_max_height":0,"ocean_custom_logo_tablet_max_height":0,"ocean_custom_logo_mobile_max_height":0,"ocean_header_custom_menu":"0","ocean_menu_typo_font_family":"0","ocean_menu_typo_font_subset":"","ocean_menu_typo_font_size":0,"ocean_menu_typo_font_size_tablet":0,"ocean_menu_typo_font_size_mobile":0,"ocean_menu_typo_font_size_unit":"px","ocean_menu_typo_font_weight":"","ocean_menu_typo_font_weight_tablet":"","ocean_menu_typo_font_weight_mobile":"","ocean_menu_typo_transform":"","ocean_menu_typo_transform_tablet":"","ocean_menu_typo_transform_mobile":"","ocean_menu_typo_line_height":0,"ocean_menu_typo_line_height_tablet":0,"ocean_menu_typo_line_height_mobile":0,"ocean_menu_typo_line_height_unit":"","ocean_menu_typo_spacing":0,"ocean_menu_typo_spacing_tablet":0,"ocean_menu_typo_spacing_mobile":0,"ocean_menu_typo_spacing_unit":"","ocean_menu_link_color":"","ocean_menu_link_color_hover":"","ocean_menu_link_color_active":"","ocean_menu_link_background":"","ocean_menu_link_hover_background":"","ocean_menu_link_active_background":"","ocean_menu_social_links_bg":"","ocean_menu_social_hover_links_bg":"","ocean_menu_social_links_color":"","ocean_menu_social_hover_links_color":"","ocean_disable_title":"on","ocean_disable_heading":"default","ocean_post_title":"","ocean_post_subheading":"","ocean_post_title_style":"","ocean_post_title_background_color":"","ocean_post_title_background":0,"ocean_post_title_bg_image_position":"","ocean_post_title_bg_image_attachment":"","ocean_post_title_bg_image_repeat":"","ocean_post_title_bg_image_size":"","ocean_post_title_height":0,"ocean_post_title_bg_overlay":0.5,"ocean_post_title_bg_overlay_color":"","ocean_disable_breadcrumbs":"default","ocean_breadcrumbs_color":"","ocean_breadcrumbs_separator_color":"","ocean_breadcrumbs_links_color":"","ocean_breadcrumbs_links_hover_color":"","ocean_display_footer_widgets":"default","ocean_display_footer_bottom":"default","ocean_custom_footer_template":"0","footnotes":""},"class_list":["post-64","page","type-page","status-publish","hentry","entry","owp-thumbs-layout-horizontal","owp-btn-normal","owp-tabs-layout-horizontal","has-no-thumbnails","has-product-nav"],"_links":{"self":[{"href":"https:\/\/jahn-museum.de\/en\/wp-json\/wp\/v2\/pages\/64","targetHints":{"allow":["GET"]}}],"collection":[{"href":"https:\/\/jahn-museum.de\/en\/wp-json\/wp\/v2\/pages"}],"about":[{"href":"https:\/\/jahn-museum.de\/en\/wp-json\/wp\/v2\/types\/page"}],"author":[{"embeddable":true,"href":"https:\/\/jahn-museum.de\/en\/wp-json\/wp\/v2\/users\/1"}],"replies":[{"embeddable":true,"href":"https:\/\/jahn-museum.de\/en\/wp-json\/wp\/v2\/comments?post=64"}],"version-history":[{"count":14,"href":"https:\/\/jahn-museum.de\/en\/wp-json\/wp\/v2\/pages\/64\/revisions"}],"predecessor-version":[{"id":2793,"href":"https:\/\/jahn-museum.de\/en\/wp-json\/wp\/v2\/pages\/64\/revisions\/2793"}],"wp:attachment":[{"href":"https:\/\/jahn-museum.de\/en\/wp-json\/wp\/v2\/media?parent=64"}],"curies":[{"name":"wp","href":"https:\/\/api.w.org\/{rel}","templated":true}]}}